{"id":1257,"date":"2024-05-30T05:47:43","date_gmt":"2024-05-30T05:47:43","guid":{"rendered":"https:\/\/digrafpackaging.com\/mentions-legales\/"},"modified":"2024-06-26T12:38:13","modified_gmt":"2024-06-26T12:38:13","slug":"mentions-legales","status":"publish","type":"page","link":"https:\/\/digrafpackaging.com\/fr\/mentions-legales\/","title":{"rendered":"Mentions L\u00e9gales"},"content":{"rendered":"\n<p><em>Conform\u00e9ment \u00e0 la loi espagnole 34\/2002 du 11 juillet portant sur les services de la soci\u00e9t\u00e9 d\u2019information et du commerce \u00e9lectronique (LSSI-CE), nous vous informons que :<\/em><\/p>\n\n\n\n<h2 class=\"wp-block-heading\"><strong>Objet<\/strong><\/h2>\n\n\n\n<p><strong><em>Art. 10 de la LSSI-CE :\u00a0<\/em><\/strong>www.digrafpackaging.com est un domaine internet appartenant \u00e0 GR\u00c1FICAS DIGRAF, S.L., soci\u00e9t\u00e9 dont le si\u00e8ge social est sis Carretera de Soria, 9, 26120 Albelda de Iregua, La Rioja et dont le Code d\u2019identification fiscale (CIF) est B26229880<strong>.\u00a0 La soci\u00e9t\u00e9 est inscrite au<\/strong>\u00a0Registre du Commerce et des Soci\u00e9t\u00e9s de La Rioja au tome 373 sur la page 92, feuillet n\u00ba LO-4431, 1<sup>re<\/sup>\u00a0inscription.<\/p>\n\n\n\n<p><strong>Pour tout ce qui concerne le pr\u00e9sent document, le num\u00e9ro de contact est (+34) 941 44 37 84 et le courrier \u00e9lectronique&nbsp;<\/strong><a href=\"mailto:info@graficasdigraf.com\">info@graficasdigraf.com<\/a><strong>.<\/strong><\/p>\n\n\n\n<p>Les pr\u00e9sentes mentions l\u00e9gales r\u00e9gissent l\u2019utilisation du domaine susmentionn\u00e9.<\/p>\n\n\n\n<p>En poursuivant la navigation sur notre site web, vous acceptez les conditions d\u2019utilisation. Dans les cas o\u00f9 certains des services, contenus ou outils propos\u00e9s dans ce site n\u00e9cessiteraient l\u2019application de quelques conditions particuli\u00e8res, celles-ci seront mises \u00e0 disposition de l\u2019utilisateur.<\/p>\n\n\n\n<p>GR\u00c1FICAS DISGRAF, S.L. se r\u00e9serve le droit d\u2019effectuer les modifications opportunes sur les contenus, les services et les conditions d\u2019utilisation de son site web, et ce sans pr\u00e9avis.<\/p>\n\n\n\n<h2 class=\"wp-block-heading\"><strong>Conditions d\u2019utilisation<\/strong><\/h2>\n\n\n\n<p>En ce qui concerne l\u2019acc\u00e8s aux rubriques demandant une inscription pr\u00e9alable, l\u2019utilisateur s\u2019engage \u00e0 fournir des informations v\u00e9ridiques, exactes et compl\u00e8tes sur son identit\u00e9. De m\u00eame, l\u2019utilisateur s\u2019oblige \u00e0 tenir \u00e0 jour les donn\u00e9es \u00e0 caract\u00e8re personnel qui pourraient \u00eatre transmises au titulaire du domaine, et reste donc le seul responsable de toute fausset\u00e9 ou inexactitude dans celles-ci.<\/p>\n\n\n\n<p>Dans le cas o\u00f9 l\u2019utilisateur serait mineur, une autorisation de ses parents, tuteurs ou repr\u00e9sentants l\u00e9gaux sera requise pour l\u2019acc\u00e8s aux services propos\u00e9s. La soci\u00e9t\u00e9 GR\u00c1FICAS DIGRAF, S.L. ne saurait \u00eatre tenue pour responsable de toute information inexacte ou fausse.<\/p>\n\n\n\n<p>Le site peut seulement \u00eatre utilis\u00e9 pour des fins l\u00e9gales. En cons\u00e9quence, l\u2019utilisateur s\u2019engage \u00e0 en faire un usage licite et honn\u00eate et conform\u00e9ment aux pr\u00e9sentes conditions g\u00e9n\u00e9rales d\u2019utilisation ; \u00e0 ne pas utiliser les services propos\u00e9s pour la r\u00e9alisation d\u2019activit\u00e9s contraires \u00e0 la loi espagnole, aux bonnes m\u0153urs et \u00e0 l\u2019ordre public ; l\u2019utilisateur devant assumer toute responsabilit\u00e9 relative aux dommages et pr\u00e9judices face au titulaire du domaine ou \u00e0 des tiers pouvant r\u00e9sulter des pratiques ill\u00e9gales ou non-autoris\u00e9es ou, \u00e0 titre \u00e9nonciatif et non limitatif, de&nbsp; :<\/p>\n\n\n\n<ul class=\"wp-block-list\">\n<li>Manipuler ou alt\u00e9rer le site sans le consentement pr\u00e9alable du titulaire du domaine. Le titulaire du domaine d\u00e9cline toute responsabilit\u00e9 d\u00e9coulant d\u2019une telle manipulation ou alt\u00e9ration par un tiers.<\/li>\n\n\n\n<li>R\u00e9aliser tout acte pouvant endommager, rendre inutilisable, surcharger ou d\u00e9t\u00e9riorer le site et ses services, ou pouvant emp\u00eacher une utilisation normale de la part des usagers.<\/li>\n\n\n\n<li>Introduire ou utiliser des logiciels, des donn\u00e9es, des fichiers d\u00e9fectueux, des virus, des codes malicieux, des terminaux informatiques ou de t\u00e9l\u00e9communications, ou tout autre dispositif, quelque soit la nature, pouvant endommager le site, les services ou quelconque des actifs (physiques ou logiques) des syst\u00e8mes d\u2019information du titulaire du domaine.<\/li>\n\n\n\n<li>Violer le droit \u00e0 la vie priv\u00e9e d\u2019autrui, \u00e0 l\u2019image elle-m\u00eame, \u00e0 la protection des donn\u00e9es concernant le secret des communications et \u00e0 la propri\u00e9t\u00e9 intellectuelle et industrielle.<\/li>\n\n\n\n<li>Omettre ou fausser l\u2019origine des messages de courrier \u00e9lectronique.<\/li>\n\n\n\n<li>Utiliser une fausse identit\u00e9, usurper l\u2019identit\u00e9 d\u2019un tiers pour l\u2019utilisation du site ou de tout autre service.<\/li>\n\n\n\n<li>Reproduire, distribuer, modifier ou copier le contenu du site, sauf si l\u2019utilisateur dispose d\u2019une autorisation expresse du titulaire du domaine ou d\u00e9tient une autorisation l\u00e9gale.<\/li>\n\n\n\n<li>Divulguer noms d\u2019utilisateur et codes d\u2019acc\u00e8s \u00e0 des tiers non autoris\u00e9s.<\/li>\n<\/ul>\n\n\n\n<p>GR\u00c1FICAS DIGRAF, S.L. ne saurait \u00eatre tenu pour responsable des liens (LINKS) vers d\u2019autres sites internet, leur inclusion n\u2019impliquant ni l\u2019approbation ni l\u2019acceptation du contenu ou des services de la part de GR\u00c1FICAS DIGRAF, S.L. Ces sites web ne sont pas administr\u00e9s par GR\u00c1FICAS DIGRAF, S.L., et ne sont donc assujettis \u00e0 la pr\u00e9sente politique de confidentialit\u00e9. Lorsque vous acc\u00e9dez \u00e0 d\u2019autres pages internet en utilisant ces liens, les op\u00e9rateurs de ces sites peuvent collecter vos informations personnelles. Nous vous invitons \u00e0 v\u00e9rifier votre conformit\u00e9 avec les politiques de confidentialit\u00e9 des sites pr\u00e9cit\u00e9s avant d\u2019y soumettre vos donn\u00e9es personnelles.<\/p>\n\n\n\n<p>En r\u00e8gle g\u00e9n\u00e9rale, le titulaire du domaine d\u00e9cline toute responsabilit\u00e9 li\u00e9e aux dommages et pr\u00e9judices de toute nature ou type pouvant r\u00e9sulter de l\u2019utilisation du site web ; aux dommages et pr\u00e9judices d\u00e9coulant de l\u2019infraction contre les droits de la propri\u00e9t\u00e9 intellectuelle e industrielle de la part des usagers ; et au manque de v\u00e9racit\u00e9, d\u2019exactitude et d\u2019actualit\u00e9 du contenu. Il ne saurait non plus \u00eatre tenu pour responsable de l\u2019interruption, du fonctionnement inappropri\u00e9 ou de l\u2019impossibilit\u00e9 d\u2019acc\u00e9der au service.<\/p>\n\n\n\n<p>Le titulaire du domaine ne saurait \u00eatre tenu pour responsable des dommages et pr\u00e9judices occasionn\u00e9s par un virus ou tout autre logiciel malveillant pouvant provoquer des alt\u00e9rations dans le syst\u00e8me informatique de l\u2019usager.<\/p>\n\n\n\n<p>Le site web ainsi que, \u00e0 titre \u00e9nonciatif mais non limitatif, la programmation, le design, les logos, les textes et les graphiques, sont propri\u00e9t\u00e9 du prestataire et, le cas \u00e9ch\u00e9ant, de celui disposant d\u2019une licence ou d\u2019une autorisation expresse des auteurs.<\/p>\n\n\n\n<p>La reproduction totale ou partielle, l\u2019utilisation, la distribution, l\u2019exploitation et la commercialisation de ces derniers, quelque soit la finalit\u00e9, exigera l\u2019autorisation \u00e9crite pr\u00e9alable du titulaire du domaine.<\/p>\n\n\n\n<p>L\u2019utilisateur s\u2019engage \u00e0 ne pas porter atteinte contre les droits de la propri\u00e9t\u00e9 intellectuelle ou industrielle de l\u2019auteur.<\/p>\n\n\n\n<p>Le prestataire autorise de mani\u00e8re expresse \u00e0 ce qu\u2019un tiers puisse rediriger directement aux contenus du site web, devant en tout cas rediriger au site web principal du prestataire.<\/p>\n\n\n\n<h2 class=\"wp-block-heading\"><strong>Protection des donn\u00e9es<\/strong><\/h2>\n\n\n\n<p>Conform\u00e9ment aux dispositions de la loi organique 15\/1999 sur la protection de donn\u00e9es \u00e0 caract\u00e8re personnel actuellement en vigueur, GR\u00c1FICAS DIGRAF, S.L. informe les utilisateurs du site qui fourniront leurs donn\u00e9es \u00e0 caract\u00e8re personnel, que celles-ci seront incorpor\u00e9es \u00e0 un fichier \u00e9tant de sa propri\u00e9t\u00e9, et \u00e9tant exclusivement destin\u00e9 aux fins d\u00e9cris sur chaque formulaire ou moyen de r\u00e9ponse. Lorsque vous cliquez sur ENVOYER, vous consentez le traitement de vos donn\u00e9es par GR\u00c1FICAS DIGRAF, S.L.<\/p>\n\n\n\n<p>GR\u00c1FICAS DIGRAF, S.L. s\u2019engage \u00e0 ce que les donn\u00e9es \u00e0 caract\u00e8re personnel sollicit\u00e9es soient celles strictement n\u00e9cessaires pour ex\u00e9cuter le service demand\u00e9. L\u2019utilisateur sera inform\u00e9 du caract\u00e8re obligatoire de certaines informations, sans lesquelles le service ne serait pas possible.<\/p>\n\n\n\n<p>De m\u00eame, la soci\u00e9t\u00e9 GR\u00c1FICAS DIGRAF, S.L. en tant que responsable du fichier, s\u2019engage \u00e0 maintenir le secret et la confidentialit\u00e9 des informations personnelles qui lui ont \u00e9t\u00e9 facilit\u00e9es, en adoptant toutes les mesures de s\u00e9curit\u00e9 n\u00e9cessaires afin d\u2019\u00e9viter leur perte, leur modification sans autorisation ou l\u2019acc\u00e8s des tiers non autoris\u00e9s, en vertu du r\u00e8glement du d\u00e9veloppement de la LOPD approuv\u00e9 par le d\u00e9cret royal 1720\/2007 du 21 d\u00e9cembre.<\/p>\n\n\n\n<p>L\u2019utilisateur est inform\u00e9 qu\u2019il dispose d\u2019un droit d\u2019acc\u00e8s, de rectification, d\u2019annulation et d\u2019opposition pr\u00e9vu dans la loi organique 15\/1999 du 13 d\u00e9cembre 1999 concernant la protection des donn\u00e9es \u00e0 caract\u00e8re personnel, qu\u2019il peut exercer en s\u2019adressant \u00e0 GR\u00c1FICAS DIGRAF, S.L., Carretera de Soria, 9, 26120 Albelda de Iregua, La Rioja, ou par mail \u00e0&nbsp;<a href=\"mailto:info@graficasdigraf.com\">info@graficasdigraf.com<\/a>.<\/p>\n\n\n\n<p>Par ailleurs, conform\u00e9ment \u00e0 ce qui a \u00e9t\u00e9 expos\u00e9 dans la loi 34\/2002 du 11 juillet relative aux services de la soci\u00e9t\u00e9 de l\u2019information et du commerce \u00e9lectronique (LSSI-CE), GR\u00c1FICAS DIGRAF, S.L. s\u2019engage \u00e0 ne pas envoyer de la publicit\u00e9 par mail sans avoir obtenu l\u2019autorisation expresse du destinataire. En cochant la case correspondante, l\u2019utilisateur pourra s\u2019opposer \u00e0 l\u2019envoi de publicit\u00e9.<\/p>\n\n\n\n<h2 class=\"wp-block-heading\"><strong>Utilisation des cookies<\/strong><\/h2>\n\n\n\n<p>En tant que titulaire du site, GR\u00c1FICAS DIGRAF, S.L. d\u00e9clare utiliser des proc\u00e9dures de collecte d\u2019information automatis\u00e9es afin de sauvegarder le registre des visiteurs du site web. Veuillez cliquer ici afin d\u2019acc\u00e9der \u00e0 notre&nbsp;<a href=\"https:\/\/www.graficasdigraf.com\/fr\/politica-de-cookies\/\" target=\"_blank\" rel=\"noopener\">charte d\u2019utilisation des cookies<\/a><\/p>\n\n\n\n<h2 class=\"wp-block-heading\"><strong>DROIT APPLICABLE<\/strong><\/h2>\n\n\n\n<p>Les pr\u00e9sentes conditions seront \u00e0 tout moment soumises au droit espagnol.<\/p>\n","protected":false},"excerpt":{"rendered":"<p>Conform\u00e9ment \u00e0 la loi espagnole 34\/2002 du 11 juillet portant sur les services de la soci\u00e9t\u00e9 d\u2019information et du commerce \u00e9lectronique (LSSI-CE), nous vous informons que : Objet Art. 10 de la LSSI-CE :\u00a0www.digrafpackaging.com est un domaine internet appartenant \u00e0 GR\u00c1FICAS DIGRAF, S.L., soci\u00e9t\u00e9 dont le si\u00e8ge social est sis Carretera de Soria, 9, 26120&hellip;<\/p>\n","protected":false},"author":1,"featured_media":0,"parent":0,"menu_order":0,"comment_status":"closed","ping_status":"closed","template":"","meta":{"rank_math_lock_modified_date":false,"footnotes":""},"class_list":["post-1257","page","type-page","status-publish","hentry"],"_links":{"self":[{"href":"https:\/\/digrafpackaging.com\/fr\/wp-json\/wp\/v2\/pages\/1257","targetHints":{"allow":["GET"]}}],"collection":[{"href":"https:\/\/digrafpackaging.com\/fr\/wp-json\/wp\/v2\/pages"}],"about":[{"href":"https:\/\/digrafpackaging.com\/fr\/wp-json\/wp\/v2\/types\/page"}],"author":[{"embeddable":true,"href":"https:\/\/digrafpackaging.com\/fr\/wp-json\/wp\/v2\/users\/1"}],"replies":[{"embeddable":true,"href":"https:\/\/digrafpackaging.com\/fr\/wp-json\/wp\/v2\/comments?post=1257"}],"version-history":[{"count":10,"href":"https:\/\/digrafpackaging.com\/fr\/wp-json\/wp\/v2\/pages\/1257\/revisions"}],"predecessor-version":[{"id":1277,"href":"https:\/\/digrafpackaging.com\/fr\/wp-json\/wp\/v2\/pages\/1257\/revisions\/1277"}],"wp:attachment":[{"href":"https:\/\/digrafpackaging.com\/fr\/wp-json\/wp\/v2\/media?parent=1257"}],"curies":[{"name":"wp","href":"https:\/\/api.w.org\/{rel}","templated":true}]}}